{"id":9586,"date":"2017-07-09T23:05:36","date_gmt":"2017-07-10T02:05:36","guid":{"rendered":"http:\/\/www.exitmusic.com.ar\/news\/?page_id=9586"},"modified":"2021-01-28T12:24:11","modified_gmt":"2021-01-28T15:24:11","slug":"harry-borden-explica-su-foto-con-radiohead","status":"publish","type":"page","link":"https:\/\/www.exitmusic.com.ar\/news\/prensatraducciones\/harry-borden-explica-su-foto-con-radiohead\/","title":{"rendered":"Harry Borden explica su foto con Radiohead"},"content":{"rendered":"<p class=\"has-text-align-right\">Art\u00edculo publicado originalmente el 23 de Abril de 2017 en <a href=\"http:\/\/www.amateurphotographer.co.uk\/technique\/photo_insight\/photo-insight-harry-borden-radiohead-104173\" target=\"_blank\" rel=\"noreferrer noopener\">Amateur Photographer<\/a>. Texto por David Clark.<\/p>\n\n\n\n<p><em>Harry Borden revisa dos tomas muy diferentes de una de las bandas m\u00e1s grandes del mundo, Radiohead.<\/em><\/p>\n\n\n\n<p>Radiohead se ha establecido como una banda de \u00abrock alternativo\u00bb grande hace m\u00e1s de 20 a\u00f1os y han vendido m\u00e1s de 30 millones de \u00e1lbumes mundialmente. Sin embargo, cuando los fotograf\u00ede por primera vez, en 1993, estaban comenzando su carrera. Su primer \u00e1lbum, lanzado unos meses antes, hab\u00eda recibido cr\u00edticas dispares aunque el primer single, <a href=\"https:\/\/www.exitmusic.com.ar\/letras\/creep.php\">\u00abCreep\u00bb<\/a>, mostr\u00f3 que ten\u00edan un potencial enorme.<\/p>\n\n\n\n<figure class=\"wp-block-image\"><a href=\"http:\/\/www.exitmusic.com.ar\/news\/wp-content\/uploads\/2017\/07\/Radiohead-photo-shoot.jpg\"><img loading=\"lazy\" decoding=\"async\" width=\"800\" height=\"547\" src=\"http:\/\/www.exitmusic.com.ar\/news\/wp-content\/uploads\/2017\/07\/Radiohead-photo-shoot.jpg\" alt=\"\" class=\"wp-image-9589\" srcset=\"https:\/\/www.exitmusic.com.ar\/news\/wp-content\/uploads\/2017\/07\/Radiohead-photo-shoot.jpg 800w,  https:\/\/www.exitmusic.com.ar\/news\/wp-content\/uploads\/2017\/07\/Radiohead-photo-shoot-300x205.jpg 300w,  https:\/\/www.exitmusic.com.ar\/news\/wp-content\/uploads\/2017\/07\/Radiohead-photo-shoot-768x525.jpg 768w,  https:\/\/www.exitmusic.com.ar\/news\/wp-content\/uploads\/2017\/07\/Radiohead-photo-shoot-624x427.jpg 624w\" sizes=\"auto, (max-width: 800px) 100vw, 800px\" \/><\/a><\/figure>\n\n\n\n<p>Me pidieron de la revista <em>Select<\/em> que los fotograf\u00ede para un art\u00edculo que iban a publicar llamado \u00abLa vida secreta de Radiohead\u00bb. Al principio me dijeron que los iba a fotografiar en un estudio pero terminamos haciendo la sesi\u00f3n en el estacionamiento de una zona no muy linda de Cowley, en Oxfordshire. No era la ubicaci\u00f3n ideal para retratar a cinco personas.<br>Era el comienzo de mi carrera y los hab\u00eda fotografiado en blanco y negro, siguiendo el estilo de Anton Corbijn. Fue una de las primeras sesiones que hac\u00edan. Me llev\u00e9 bien con ellos; eran amigables y era evidente que eran muy inteligentes e interesantes. El a\u00f1o siguiente, cuando apareci\u00f3 su \u00e1lbum <em><a href=\"https:\/\/www.exitmusic.com.ar\/discografia\/thebends\/\">The Bends<\/a><\/em>, me enviaron amablemente una copia autografiada en agradecimiento por la toma. Cuando me enter\u00e9, me di cuenta de que eran una banda asombrosa. Me convert\u00ed en fan\u00e1tico y compr\u00e9 todos sus subsiguientes \u00e1lbumes.<\/p>\n\n\n\n<p>Luego, en 2007, me ofrecieron otra oportunidad de retratar a la banda; esta vez para el <em>Observer Music Monthly<\/em>. Estaban a punto de lanzar su s\u00e9ptimo \u00e1lbum, <em><a href=\"https:\/\/www.exitmusic.com.ar\/discografia\/inrainbows\/\">In Rainbows<\/a><\/em>. En los 14 a\u00f1os que pasaron desde la \u00faltima vez que los fotografi\u00e9, hab\u00edan pasado de una banda peque\u00f1a independiente a ser una banda de estadios con una audiencia masiva.<br>Tambi\u00e9n eran m\u00e1s cerebrales que otras bandas, por lo que pens\u00e9 cuidadosamente c\u00f3mo los retratar\u00eda. Definitivamente no quer\u00eda aparecer sin ideas para fotografiar una banda de gente tan sabia y con onda.<\/p>\n\n\n\n<p><em>The Observer<\/em> hab\u00eda contratado al estudio Holborn, en el norte de Londres, pero trat\u00e9 de hacer algo diferente a la cl\u00e1sica toma de estudio. Los quer\u00eda capturar desde un \u00e1ngulo alternativo, para incluir elementos de actuaci\u00f3n y animarlos a participar y colaborar.<br>Con eso en mente, se me ocurri\u00f3 permitirle a la banda fotografiarse a s\u00ed misma. Me gust\u00f3 la idea porque daba la impresi\u00f3n de estar empoderado y en control de su destino; me pareci\u00f3 el enfoque adecuado y adem\u00e1s algo divertido. Lo habl\u00e9 con el editor de la revista, quien accedi\u00f3, y luego compr\u00e9 un cable infrarojo de disparo para permitirle a la banda fotografiarse.<\/p>\n\n\n<div id=\"ads_page\">\n\t<!-- wpPageAd_1 -->\n\t<amp-ad width=\"100vw\" height=\"320\"\n\t\ttype=\"adsense\"\n     \tdata-ad-client=\"ca-pub-1186082079292141\"\n     \tdata-ad-slot=\"6678768770\"\n     \tdata-auto-format=\"rspv\"\n     \tdata-full-width=\"\">\n  \t<div overflow=\"\"><\/div>\n\t<\/amp-ad>\n\t<\/div>\n\n\n\n<p>Cuando llegaron para la toma, les expliqu\u00e9 la idea y les gust\u00f3, por lo que comenc\u00e9 a armar el set. Ten\u00edamos un estudio enorme en Holborn. El equipo incluia un aparejo que sol\u00eda admirar, por lo que lo agregu\u00e9 a la toma. Le agregu\u00e9 una luz con una softbox Octa, que me encanta usar. Solo us\u00e9 una luz porque cuando de luz se trata, siempre pienso que menos es m\u00e1s. Mi Canon EOS 1Ds Mark II estaba lista en un tr\u00edpode con un lente de 50mm.<\/p>\n\n\n\n<p>Le ped\u00ed a la banda que se pare debajo de la Octa y los acomod\u00e9, con Thom al frente. Le d\u00ed el disparador y le ped\u00ed que apunte a la c\u00e1mara. Le dej\u00e9 tomar fotos hasta que la memoria de mi c\u00e1mara se llen\u00f3. Una de ellas se convirti\u00f3 en la portada del <em>Observer Music Monthly<\/em>.<\/p>\n\n\n\n<p>Despu\u00e9s de eso, le ped\u00ed prestada su camara 1DS Mark II a mi asistente y le ped\u00ed a la banda que se pare en el mismo lugar donde se hab\u00edan tomado su foto. Ajust\u00e9 el radio de sincronizaci\u00f3n al de la c\u00e1mara de mi asistente y fotografiamos todo el set desde otro \u00e1ngulo.<br>Tengo algunas tomas con mi asistente parado junto a la c\u00e1mara pero a fin de cuentas, la configuraci\u00f3n funcion\u00f3 mejor con solo la banda tomando fotos. Mi toma favorita, que se ve aqu\u00ed, tiene a Thom mirando a mi c\u00e1mara con expresi\u00f3n de saber algo m\u00e1s que el resto.<\/p>\n\n\n\n<figure class=\"wp-block-image\"><a href=\"http:\/\/www.exitmusic.com.ar\/news\/wp-content\/uploads\/2017\/07\/Radiohead-600x400.jpg\"><img loading=\"lazy\" decoding=\"async\" width=\"600\" height=\"400\" src=\"http:\/\/www.exitmusic.com.ar\/news\/wp-content\/uploads\/2017\/07\/Radiohead-600x400.jpg\" alt=\"\" class=\"wp-image-9588\" srcset=\"https:\/\/www.exitmusic.com.ar\/news\/wp-content\/uploads\/2017\/07\/Radiohead-600x400.jpg 600w,  https:\/\/www.exitmusic.com.ar\/news\/wp-content\/uploads\/2017\/07\/Radiohead-600x400-300x200.jpg 300w\" sizes=\"auto, (max-width: 600px) 100vw, 600px\" \/><\/a><\/figure>\n\n\n\n<p>Esta foto se us\u00f3 en el interior de la revista. Adem\u00e1s de ser diferente y captar la atenci\u00f3n, funciona bien desplegada en dos p\u00e1ginas porque tiene mucho espacio para encimar texto. Este retrato ha sido parte de muchas muestras tituladas \u00abRadiohead se fotograf\u00eda a s\u00ed mismo\u00bb y las copias impresas se han vendido bien. Creo que sedebe a que la foto hace referencia al tipo de banda que Radiohead es.<\/p>\n\n\n\n<p>Despu\u00e9s de terminar la toma y de que la banda se fuera, not\u00e9 que Colin hab\u00eda dejado su campera azul marino en una silla. La llev\u00e9 a casa, con intenci\u00f3n de devolverla, y le escrib\u00ed luego al sello pero nadie me respondi\u00f3. Todav\u00eda tengo la campera y me recuerda a la toma cada vez que abro mi placard. Ocasionalmente la uso, pero si por casualidad Colin lee esto y la quiere de vuelta, estar\u00e9 muy feliz de devolverla.<\/p>","protected":false},"excerpt":{"rendered":"<p>Art\u00edculo publicado originalmente el 23 de Abril de 2017 en Amateur Photographer. Texto por David Clark. Harry Borden revisa dos tomas muy diferentes de una de las bandas m\u00e1s grandes del mundo, Radiohead. Radiohead se&hellip; <a href=\"https:\/\/www.exitmusic.com.ar\/news\/prensatraducciones\/harry-borden-explica-su-foto-con-radiohead\/\" class=\"morelink\"> m\u00e1s \u00bb<\/a><\/p>","protected":false},"author":2,"featured_media":0,"parent":7671,"menu_order":0,"comment_status":"closed","ping_status":"closed","template":"","meta":{"footnotes":""},"categories":[1383],"tags":[1015,1411,63],"class_list":["post-9586","page","type-page","status-publish","hentry","category-radiohead","tag-fotografia","tag-harry-borden","tag-ok-computer"],"yoast_head":"<!-- This site is optimized with the Yoast SEO plugin v27.5 - https:\/\/yoast.com\/product\/yoast-seo-wordpress\/ -->\n<title>Harry Borden explica su foto con Radiohead &#8211; ExitMusicAr | Radiohead Argentina - \u00faltimas noticias<\/title>\n<meta name=\"description\" content=\"Harry Borden revisa dos tomas muy diferentes de una de las bandas m\u00e1s grandes del mundo, Radiohead [original de Amateur Photographer \/ David Clark]\" \/>\n<meta name=\"robots\" content=\"index, follow, max-snippet:-1, max-image-preview:large, max-video-preview:-1\" \/>\n<link rel=\"canonical\" href=\"https:\/\/www.exitmusic.com.ar\/news\/prensatraducciones\/harry-borden-explica-su-foto-con-radiohead\/\" \/>\n<meta property=\"og:locale\" content=\"es_ES\" \/>\n<meta property=\"og:type\" content=\"article\" \/>\n<meta property=\"og:title\" content=\"Harry Borden explica su foto con Radiohead &#8211; ExitMusicAr | Radiohead Argentina - \u00faltimas noticias\" \/>\n<meta property=\"og:description\" content=\"Harry Borden revisa dos tomas muy diferentes de una de las bandas m\u00e1s grandes del mundo, Radiohead [original de Amateur Photographer \/ David Clark]\" \/>\n<meta property=\"og:url\" content=\"https:\/\/www.exitmusic.com.ar\/news\/prensatraducciones\/harry-borden-explica-su-foto-con-radiohead\/\" \/>\n<meta property=\"og:site_name\" content=\"ExitMusicAr | Radiohead Argentina - \u00faltimas noticias\" \/>\n<meta property=\"article:publisher\" content=\"https:\/\/www.facebook.com\/ExitMusicAr\" \/>\n<meta property=\"article:modified_time\" content=\"2021-01-28T15:24:11+00:00\" \/>\n<meta property=\"og:image\" content=\"http:\/\/www.exitmusic.com.ar\/news\/wp-content\/uploads\/2017\/07\/Radiohead-photo-shoot.jpg\" \/>\n<meta name=\"twitter:card\" content=\"summary_large_image\" \/>\n<meta name=\"twitter:site\" content=\"@ExitMusicAr\" \/>\n<meta name=\"twitter:label1\" content=\"Tiempo de lectura\" \/>\n\t<meta name=\"twitter:data1\" content=\"5 minutos\" \/>\n<script type=\"application\/ld+json\" class=\"yoast-schema-graph\">{\"@context\":\"https:\\\/\\\/schema.org\",\"@graph\":[{\"@type\":\"NewsArticle\",\"@id\":\"https:\\\/\\\/www.exitmusic.com.ar\\\/news\\\/prensatraducciones\\\/harry-borden-explica-su-foto-con-radiohead\\\/#article\",\"isPartOf\":{\"@id\":\"https:\\\/\\\/www.exitmusic.com.ar\\\/news\\\/prensatraducciones\\\/harry-borden-explica-su-foto-con-radiohead\\\/\"},\"author\":{\"name\":\"britbomber\",\"@id\":\"https:\\\/\\\/www.exitmusic.com.ar\\\/news\\\/#\\\/schema\\\/person\\\/5b17484c1a134bd78759c85b056b2e9a\"},\"headline\":\"Harry Borden explica su foto con Radiohead\",\"datePublished\":\"2017-07-10T02:05:36+00:00\",\"dateModified\":\"2021-01-28T15:24:11+00:00\",\"mainEntityOfPage\":{\"@id\":\"https:\\\/\\\/www.exitmusic.com.ar\\\/news\\\/prensatraducciones\\\/harry-borden-explica-su-foto-con-radiohead\\\/\"},\"wordCount\":889,\"image\":{\"@id\":\"https:\\\/\\\/www.exitmusic.com.ar\\\/news\\\/prensatraducciones\\\/harry-borden-explica-su-foto-con-radiohead\\\/#primaryimage\"},\"thumbnailUrl\":\"http:\\\/\\\/www.exitmusic.com.ar\\\/news\\\/wp-content\\\/uploads\\\/2017\\\/07\\\/Radiohead-photo-shoot.jpg\",\"keywords\":[\"fotograf\u00eda\",\"harry borden\",\"ok computer\"],\"articleSection\":[\"Radiohead\"],\"inLanguage\":\"es\"},{\"@type\":[\"WebPage\",\"ItemPage\"],\"@id\":\"https:\\\/\\\/www.exitmusic.com.ar\\\/news\\\/prensatraducciones\\\/harry-borden-explica-su-foto-con-radiohead\\\/\",\"url\":\"https:\\\/\\\/www.exitmusic.com.ar\\\/news\\\/prensatraducciones\\\/harry-borden-explica-su-foto-con-radiohead\\\/\",\"name\":\"Harry Borden explica su foto con Radiohead &#8211; ExitMusicAr | Radiohead Argentina - \u00faltimas noticias\",\"isPartOf\":{\"@id\":\"https:\\\/\\\/www.exitmusic.com.ar\\\/news\\\/#website\"},\"primaryImageOfPage\":{\"@id\":\"https:\\\/\\\/www.exitmusic.com.ar\\\/news\\\/prensatraducciones\\\/harry-borden-explica-su-foto-con-radiohead\\\/#primaryimage\"},\"image\":{\"@id\":\"https:\\\/\\\/www.exitmusic.com.ar\\\/news\\\/prensatraducciones\\\/harry-borden-explica-su-foto-con-radiohead\\\/#primaryimage\"},\"thumbnailUrl\":\"http:\\\/\\\/www.exitmusic.com.ar\\\/news\\\/wp-content\\\/uploads\\\/2017\\\/07\\\/Radiohead-photo-shoot.jpg\",\"datePublished\":\"2017-07-10T02:05:36+00:00\",\"dateModified\":\"2021-01-28T15:24:11+00:00\",\"description\":\"Harry Borden revisa dos tomas muy diferentes de una de las bandas m\u00e1s grandes del mundo, Radiohead [original de Amateur Photographer \\\/ David Clark]\",\"breadcrumb\":{\"@id\":\"https:\\\/\\\/www.exitmusic.com.ar\\\/news\\\/prensatraducciones\\\/harry-borden-explica-su-foto-con-radiohead\\\/#breadcrumb\"},\"inLanguage\":\"es\",\"potentialAction\":[{\"@type\":\"ReadAction\",\"target\":[\"https:\\\/\\\/www.exitmusic.com.ar\\\/news\\\/prensatraducciones\\\/harry-borden-explica-su-foto-con-radiohead\\\/\"]}]},{\"@type\":\"ImageObject\",\"inLanguage\":\"es\",\"@id\":\"https:\\\/\\\/www.exitmusic.com.ar\\\/news\\\/prensatraducciones\\\/harry-borden-explica-su-foto-con-radiohead\\\/#primaryimage\",\"url\":\"https:\\\/\\\/www.exitmusic.com.ar\\\/news\\\/wp-content\\\/uploads\\\/2017\\\/07\\\/Radiohead-photo-shoot.jpg\",\"contentUrl\":\"https:\\\/\\\/www.exitmusic.com.ar\\\/news\\\/wp-content\\\/uploads\\\/2017\\\/07\\\/Radiohead-photo-shoot.jpg\",\"width\":800,\"height\":547},{\"@type\":\"BreadcrumbList\",\"@id\":\"https:\\\/\\\/www.exitmusic.com.ar\\\/news\\\/prensatraducciones\\\/harry-borden-explica-su-foto-con-radiohead\\\/#breadcrumb\",\"itemListElement\":[{\"@type\":\"ListItem\",\"position\":1,\"name\":\"Inicio\",\"item\":\"https:\\\/\\\/www.exitmusic.com.ar\\\/news\\\/\"},{\"@type\":\"ListItem\",\"position\":2,\"name\":\"Prensa\\\/Traducciones\",\"item\":\"https:\\\/\\\/www.exitmusic.com.ar\\\/news\\\/prensatraducciones\\\/\"},{\"@type\":\"ListItem\",\"position\":3,\"name\":\"Harry Borden explica su foto con Radiohead\"}]},{\"@type\":\"WebSite\",\"@id\":\"https:\\\/\\\/www.exitmusic.com.ar\\\/news\\\/#website\",\"url\":\"https:\\\/\\\/www.exitmusic.com.ar\\\/news\\\/\",\"name\":\"ExitMusicAr | Radiohead Argentina\",\"description\":\"Noticias e informaci\u00f3n sobre Radiohead, EOB, Philip Selway, Jonny Greenwood, Thom Yorke, Atoms for Peace y The Smile\",\"potentialAction\":[{\"@type\":\"SearchAction\",\"target\":{\"@type\":\"EntryPoint\",\"urlTemplate\":\"https:\\\/\\\/www.exitmusic.com.ar\\\/news\\\/?s={search_term_string}\"},\"query-input\":{\"@type\":\"PropertyValueSpecification\",\"valueRequired\":true,\"valueName\":\"search_term_string\"}}],\"inLanguage\":\"es\"},{\"@type\":\"Person\",\"@id\":\"https:\\\/\\\/www.exitmusic.com.ar\\\/news\\\/#\\\/schema\\\/person\\\/5b17484c1a134bd78759c85b056b2e9a\",\"name\":\"britbomber\",\"image\":{\"@type\":\"ImageObject\",\"inLanguage\":\"es\",\"@id\":\"https:\\\/\\\/secure.gravatar.com\\\/avatar\\\/7aa60245619700190832ac995e42108bfadba25baafc3bf5bb91e97db0e7a0bd?s=96&d=identicon&r=r\",\"url\":\"https:\\\/\\\/secure.gravatar.com\\\/avatar\\\/7aa60245619700190832ac995e42108bfadba25baafc3bf5bb91e97db0e7a0bd?s=96&d=identicon&r=r\",\"contentUrl\":\"https:\\\/\\\/secure.gravatar.com\\\/avatar\\\/7aa60245619700190832ac995e42108bfadba25baafc3bf5bb91e97db0e7a0bd?s=96&d=identicon&r=r\",\"caption\":\"britbomber\"}}]}<\/script>\n<!-- \/ Yoast SEO plugin. -->","yoast_head_json":{"title":"Harry Borden explica su foto con Radiohead &#8211; ExitMusicAr | Radiohead Argentina - \u00faltimas noticias","description":"Harry Borden revisa dos tomas muy diferentes de una de las bandas m\u00e1s grandes del mundo, Radiohead [original de Amateur Photographer \/ David Clark]","robots":{"index":"index","follow":"follow","max-snippet":"max-snippet:-1","max-image-preview":"max-image-preview:large","max-video-preview":"max-video-preview:-1"},"canonical":"https:\/\/www.exitmusic.com.ar\/news\/prensatraducciones\/harry-borden-explica-su-foto-con-radiohead\/","og_locale":"es_ES","og_type":"article","og_title":"Harry Borden explica su foto con Radiohead &#8211; ExitMusicAr | Radiohead Argentina - \u00faltimas noticias","og_description":"Harry Borden revisa dos tomas muy diferentes de una de las bandas m\u00e1s grandes del mundo, Radiohead [original de Amateur Photographer \/ David Clark]","og_url":"https:\/\/www.exitmusic.com.ar\/news\/prensatraducciones\/harry-borden-explica-su-foto-con-radiohead\/","og_site_name":"ExitMusicAr | Radiohead Argentina - \u00faltimas noticias","article_publisher":"https:\/\/www.facebook.com\/ExitMusicAr","article_modified_time":"2021-01-28T15:24:11+00:00","og_image":[{"url":"http:\/\/www.exitmusic.com.ar\/news\/wp-content\/uploads\/2017\/07\/Radiohead-photo-shoot.jpg","type":"","width":"","height":""}],"twitter_card":"summary_large_image","twitter_site":"@ExitMusicAr","twitter_misc":{"Tiempo de lectura":"5 minutos"},"schema":{"@context":"https:\/\/schema.org","@graph":[{"@type":"NewsArticle","@id":"https:\/\/www.exitmusic.com.ar\/news\/prensatraducciones\/harry-borden-explica-su-foto-con-radiohead\/#article","isPartOf":{"@id":"https:\/\/www.exitmusic.com.ar\/news\/prensatraducciones\/harry-borden-explica-su-foto-con-radiohead\/"},"author":{"name":"britbomber","@id":"https:\/\/www.exitmusic.com.ar\/news\/#\/schema\/person\/5b17484c1a134bd78759c85b056b2e9a"},"headline":"Harry Borden explica su foto con Radiohead","datePublished":"2017-07-10T02:05:36+00:00","dateModified":"2021-01-28T15:24:11+00:00","mainEntityOfPage":{"@id":"https:\/\/www.exitmusic.com.ar\/news\/prensatraducciones\/harry-borden-explica-su-foto-con-radiohead\/"},"wordCount":889,"image":{"@id":"https:\/\/www.exitmusic.com.ar\/news\/prensatraducciones\/harry-borden-explica-su-foto-con-radiohead\/#primaryimage"},"thumbnailUrl":"http:\/\/www.exitmusic.com.ar\/news\/wp-content\/uploads\/2017\/07\/Radiohead-photo-shoot.jpg","keywords":["fotograf\u00eda","harry borden","ok computer"],"articleSection":["Radiohead"],"inLanguage":"es"},{"@type":["WebPage","ItemPage"],"@id":"https:\/\/www.exitmusic.com.ar\/news\/prensatraducciones\/harry-borden-explica-su-foto-con-radiohead\/","url":"https:\/\/www.exitmusic.com.ar\/news\/prensatraducciones\/harry-borden-explica-su-foto-con-radiohead\/","name":"Harry Borden explica su foto con Radiohead &#8211; ExitMusicAr | Radiohead Argentina - \u00faltimas noticias","isPartOf":{"@id":"https:\/\/www.exitmusic.com.ar\/news\/#website"},"primaryImageOfPage":{"@id":"https:\/\/www.exitmusic.com.ar\/news\/prensatraducciones\/harry-borden-explica-su-foto-con-radiohead\/#primaryimage"},"image":{"@id":"https:\/\/www.exitmusic.com.ar\/news\/prensatraducciones\/harry-borden-explica-su-foto-con-radiohead\/#primaryimage"},"thumbnailUrl":"http:\/\/www.exitmusic.com.ar\/news\/wp-content\/uploads\/2017\/07\/Radiohead-photo-shoot.jpg","datePublished":"2017-07-10T02:05:36+00:00","dateModified":"2021-01-28T15:24:11+00:00","description":"Harry Borden revisa dos tomas muy diferentes de una de las bandas m\u00e1s grandes del mundo, Radiohead [original de Amateur Photographer \/ David Clark]","breadcrumb":{"@id":"https:\/\/www.exitmusic.com.ar\/news\/prensatraducciones\/harry-borden-explica-su-foto-con-radiohead\/#breadcrumb"},"inLanguage":"es","potentialAction":[{"@type":"ReadAction","target":["https:\/\/www.exitmusic.com.ar\/news\/prensatraducciones\/harry-borden-explica-su-foto-con-radiohead\/"]}]},{"@type":"ImageObject","inLanguage":"es","@id":"https:\/\/www.exitmusic.com.ar\/news\/prensatraducciones\/harry-borden-explica-su-foto-con-radiohead\/#primaryimage","url":"https:\/\/www.exitmusic.com.ar\/news\/wp-content\/uploads\/2017\/07\/Radiohead-photo-shoot.jpg","contentUrl":"https:\/\/www.exitmusic.com.ar\/news\/wp-content\/uploads\/2017\/07\/Radiohead-photo-shoot.jpg","width":800,"height":547},{"@type":"BreadcrumbList","@id":"https:\/\/www.exitmusic.com.ar\/news\/prensatraducciones\/harry-borden-explica-su-foto-con-radiohead\/#breadcrumb","itemListElement":[{"@type":"ListItem","position":1,"name":"Inicio","item":"https:\/\/www.exitmusic.com.ar\/news\/"},{"@type":"ListItem","position":2,"name":"Prensa\/Traducciones","item":"https:\/\/www.exitmusic.com.ar\/news\/prensatraducciones\/"},{"@type":"ListItem","position":3,"name":"Harry Borden explica su foto con Radiohead"}]},{"@type":"WebSite","@id":"https:\/\/www.exitmusic.com.ar\/news\/#website","url":"https:\/\/www.exitmusic.com.ar\/news\/","name":"ExitMusicAr | Radiohead Argentina","description":"Noticias e informaci\u00f3n sobre Radiohead, EOB, Philip Selway, Jonny Greenwood, Thom Yorke, Atoms for Peace y The Smile","potentialAction":[{"@type":"SearchAction","target":{"@type":"EntryPoint","urlTemplate":"https:\/\/www.exitmusic.com.ar\/news\/?s={search_term_string}"},"query-input":{"@type":"PropertyValueSpecification","valueRequired":true,"valueName":"search_term_string"}}],"inLanguage":"es"},{"@type":"Person","@id":"https:\/\/www.exitmusic.com.ar\/news\/#\/schema\/person\/5b17484c1a134bd78759c85b056b2e9a","name":"britbomber","image":{"@type":"ImageObject","inLanguage":"es","@id":"https:\/\/secure.gravatar.com\/avatar\/7aa60245619700190832ac995e42108bfadba25baafc3bf5bb91e97db0e7a0bd?s=96&d=identicon&r=r","url":"https:\/\/secure.gravatar.com\/avatar\/7aa60245619700190832ac995e42108bfadba25baafc3bf5bb91e97db0e7a0bd?s=96&d=identicon&r=r","contentUrl":"https:\/\/secure.gravatar.com\/avatar\/7aa60245619700190832ac995e42108bfadba25baafc3bf5bb91e97db0e7a0bd?s=96&d=identicon&r=r","caption":"britbomber"}}]}},"amp_enabled":true,"_links":{"self":[{"href":"https:\/\/www.exitmusic.com.ar\/news\/wp-json\/wp\/v2\/pages\/9586","targetHints":{"allow":["GET"]}}],"collection":[{"href":"https:\/\/www.exitmusic.com.ar\/news\/wp-json\/wp\/v2\/pages"}],"about":[{"href":"https:\/\/www.exitmusic.com.ar\/news\/wp-json\/wp\/v2\/types\/page"}],"author":[{"embeddable":true,"href":"https:\/\/www.exitmusic.com.ar\/news\/wp-json\/wp\/v2\/users\/2"}],"replies":[{"embeddable":true,"href":"https:\/\/www.exitmusic.com.ar\/news\/wp-json\/wp\/v2\/comments?post=9586"}],"version-history":[{"count":0,"href":"https:\/\/www.exitmusic.com.ar\/news\/wp-json\/wp\/v2\/pages\/9586\/revisions"}],"up":[{"embeddable":true,"href":"https:\/\/www.exitmusic.com.ar\/news\/wp-json\/wp\/v2\/pages\/7671"}],"wp:attachment":[{"href":"https:\/\/www.exitmusic.com.ar\/news\/wp-json\/wp\/v2\/media?parent=9586"}],"wp:term":[{"taxonomy":"category","embeddable":true,"href":"https:\/\/www.exitmusic.com.ar\/news\/wp-json\/wp\/v2\/categories?post=9586"},{"taxonomy":"post_tag","embeddable":true,"href":"https:\/\/www.exitmusic.com.ar\/news\/wp-json\/wp\/v2\/tags?post=9586"}],"curies":[{"name":"wp","href":"https:\/\/api.w.org\/{rel}","templated":true}]}}